{"id":11886,"date":"2025-06-15T14:28:03","date_gmt":"2025-06-15T12:28:03","guid":{"rendered":"https:\/\/schuetzenhaus.stilechtanders.de\/historia\/"},"modified":"2026-06-24T15:47:32","modified_gmt":"2026-06-24T13:47:32","slug":"historia","status":"publish","type":"page","link":"https:\/\/schuetzenhaus.stilechtanders.de\/pl\/schuetzenhaus\/historia\/","title":{"rendered":"Historia"},"content":{"rendered":"<p><div class=\"fusion-fullwidth fullwidth-box fusion-builder-row-1 fusion-flex-container has-pattern-background has-mask-background fusion-parallax-none hundred-percent-fullwidth non-hundred-percent-height-scrolling\" style=\"--awb-background-position:center bottom;--awb-border-radius-top-left:0px;--awb-border-radius-top-right:0px;--awb-border-radius-bottom-right:0px;--awb-border-radius-bottom-left:0px;--awb-padding-top:0px;--awb-padding-right:0px;--awb-padding-bottom:0px;--awb-padding-left:0px;--awb-background-color:var(--awb-color5);--awb-background-image:linear-gradient(45deg, hsla(var(--awb-custom_color_4-h),var(--awb-custom_color_4-s),var(--awb-custom_color_4-l),calc(var(--awb-custom_color_4-a) - 20%)) 40%,hsla(var(--awb-custom_color_4-h),var(--awb-custom_color_4-s),var(--awb-custom_color_4-l),calc(var(--awb-custom_color_4-a) - 90%)) 75%),url(http:\/\/schuetzenhaus.stilechtanders.de\/wp-content\/uploads\/2026\/01\/schuetzenhaus-pulsnitz_braukeller-brauerei-bier_pulsnitzer-schuetzenbier008.avif);;--awb-background-size:cover;--awb-flex-wrap:wrap;\" ><div class=\"fusion-builder-row fusion-row fusion-flex-align-items-flex-start fusion-flex-justify-content-space-between fusion-flex-content-wrap\" style=\"width:calc( 100% + 0px ) !important;max-width:calc( 100% + 0px ) !important;margin-left: calc(-0px \/ 2 );margin-right: calc(-0px \/ 2 );\"><div class=\"fusion-layout-column fusion_builder_column fusion-builder-column-0 fusion_builder_column_1_1 1_1 fusion-flex-column\" style=\"--awb-padding-right:6%;--awb-padding-bottom:120px;--awb-padding-left:6%;--awb-bg-position:center center;--awb-bg-size:cover;--awb-width-large:100%;--awb-margin-top-large:0px;--awb-spacing-right-large:0px;--awb-margin-bottom-large:0px;--awb-spacing-left-large:0px;--awb-width-medium:100%;--awb-order-medium:0;--awb-spacing-right-medium:0px;--awb-spacing-left-medium:0px;--awb-width-small:100%;--awb-order-small:0;--awb-spacing-right-small:0px;--awb-spacing-left-small:0px;\" data-scroll-devices=\"small-visibility,medium-visibility,large-visibility\"><div class=\"fusion-column-wrapper fusion-column-has-shadow fusion-flex-justify-content-flex-end fusion-content-layout-column\"><div class=\"fusion-builder-row fusion-builder-row-inner fusion-row fusion-flex-align-items-flex-start fusion-flex-justify-content-space-between fusion-flex-content-wrap\" style=\"--awb-flex-grow:0;--awb-flex-grow-medium:0;--awb-flex-grow-small:0;--awb-flex-shrink:0;--awb-flex-shrink-medium:0;--awb-flex-shrink-small:0;width:calc( 100% + 0px ) !important;max-width:calc( 100% + 0px ) !important;margin-left: calc(-0px \/ 2 );margin-right: calc(-0px \/ 2 );\"><div class=\"fusion-layout-column fusion_builder_column_inner fusion-builder-nested-column-0 fusion_builder_column_inner_3_5 3_5 fusion-flex-column\" style=\"--awb-bg-size:cover;--awb-width-large:60%;--awb-margin-top-large:350px;--awb-spacing-right-large:0px;--awb-margin-bottom-large:20px;--awb-spacing-left-large:0px;--awb-width-medium:100%;--awb-order-medium:0;--awb-spacing-right-medium:calc( 0.1 * calc( 100% - 0px ) );--awb-spacing-left-medium:0px;--awb-width-small:100%;--awb-order-small:0;--awb-spacing-right-small:calc( 0 * calc( 100% - 0px ) );--awb-spacing-left-small:0px;\" data-scroll-devices=\"small-visibility,medium-visibility,large-visibility\"><div class=\"fusion-column-wrapper fusion-column-has-shadow fusion-flex-justify-content-flex-start fusion-content-layout-column\"><div class=\"fusion-text fusion-text-1 sm-text-align-center\" style=\"--awb-text-transform:uppercase;--awb-text-color:var(--awb-custom_color_1);\"><p>Historia<\/p>\n<\/div><div class=\"fusion-title title fusion-title-1 fusion-sep-none fusion-title-text fusion-title-size-three\" style=\"--awb-text-color:var(--awb-custom_color_1);--awb-margin-top-small:10px;--awb-margin-right-small:0px;--awb-margin-bottom-small:10px;--awb-margin-left-small:0px;--awb-font-size:var(--awb-custom_typography_3-font-size);\"><h3 class=\"fusion-title-heading title-heading-left sm-text-align-center fusion-responsive-typography-calculated\" style=\"font-family:var(--awb-custom_typography_3-font-family);font-weight:var(--awb-custom_typography_3-font-weight);font-style:var(--awb-custom_typography_3-font-style);margin:0;letter-spacing:var(--awb-custom_typography_3-letter-spacing);text-transform:var(--awb-custom_typography_3-text-transform);font-size:1em;--fontSize:85;line-height:0.9;text-shadow:5px 5px 20px var(--awb-custom_color_4);\"><p>Tw\u00f3j gospodarz<br \/>\nz histori\u0105<\/p><\/h3><\/div><div class=\"fusion-title title fusion-title-2 fusion-no-small-visibility fusion-sep-none fusion-title-text fusion-title-size-div\" style=\"--awb-text-color:var(--awb-custom_color_2);--awb-margin-right:15%;--awb-margin-top-small:10px;--awb-margin-right-small:0px;--awb-margin-bottom-small:10px;--awb-margin-left-small:0px;--awb-margin-right-medium:5%;--awb-font-size:var(--awb-custom_typography_7-font-size);\"><div class=\"fusion-title-heading title-heading-left title-heading-tag awb-gradient-text fusion-responsive-typography-calculated\" style=\"font-family:var(--awb-custom_typography_7-font-family);font-weight:var(--awb-custom_typography_7-font-weight);font-style:var(--awb-custom_typography_7-font-style);margin:0;letter-spacing:var(--awb-custom_typography_7-letter-spacing);text-transform:var(--awb-custom_typography_7-text-transform);background-color:var(--awb-custom_color_2);background-image:linear-gradient(90deg, var(--awb-custom_color_2) 13%,var(--awb-color3) 91%);font-size:1em;--fontSize:30;line-height:var(--awb-custom_typography_7-line-height);filter:drop-shadow(10px 10px 20px var(--awb-custom_color_4));\">To, co zacz\u0119\u0142o si\u0119 jako miejsce spotka\u0144 stra\u017cy obywatelskiej, jest dzi\u015b scen\u0105 dla ca\u0142ego Pulsnitz. Przez pokolenia stali\u015bmy si\u0119 pewnym adresem dla wszystkiego, co czyni \u017cycie uroczystym.<\/div><\/div><\/div><\/div><div class=\"fusion-layout-column fusion_builder_column_inner fusion-builder-nested-column-1 fusion_builder_column_inner_1_3 1_3 fusion-flex-column fusion-flex-align-self-center fusion-no-small-visibility fusion-no-medium-visibility\" style=\"--awb-bg-size:cover;--awb-width-large:33.3333333333%;--awb-margin-top-large:0px;--awb-spacing-right-large:0px;--awb-margin-bottom-large:20px;--awb-spacing-left-large:0px;--awb-width-medium:33.3333333333%;--awb-order-medium:0;--awb-spacing-right-medium:0px;--awb-spacing-left-medium:0px;--awb-width-small:100%;--awb-order-small:0;--awb-spacing-right-small:0px;--awb-spacing-left-small:0px;\" data-scroll-devices=\"small-visibility,medium-visibility,large-visibility\"><div class=\"fusion-column-wrapper fusion-column-has-shadow fusion-flex-justify-content-flex-start fusion-content-layout-column\"><div style=\"text-align:left;\"><a class=\"fusion-button button-flat fusion-button-default-size button-custom fusion-button-default button-1 fusion-button-span-yes fusion-button-default-type fusion-has-button-gradient\" style=\"--awb-margin-bottom:15px;--button_accent_color:var(--awb-color5);--button_accent_hover_color:var(--awb-color5);--button_border_hover_color:var(--awb-color6);--button_border_width-top:0px;--button_border_width-right:0px;--button_border_width-bottom:0px;--button_border_width-left:0px;--button_gradient_angle:90deg;--button_gradient_top_color:var(--awb-custom_color_2);--button_gradient_bottom_color:var(--awb-color3);--button_gradient_top_color_hover:var(--awb-custom_color_1);--button_gradient_bottom_color_hover:var(--awb-custom_color_1);\" target=\"_self\" href=\"https:\/\/schuetzenhaus.stilechtanders.de\/gasthaus-pulsnitz\/braukeller\/\"><span class=\"fusion-button-text awb-button__text awb-button__text--default\">Piwo strzeleckie<\/span><\/a><\/div><div ><a class=\"fusion-button button-flat fusion-button-default-size button-custom fusion-button-default button-2 fusion-button-span-yes fusion-button-default-type fusion-has-button-gradient\" style=\"--awb-margin-bottom:15px;--button_accent_color:var(--awb-color5);--button_accent_hover_color:var(--awb-color5);--button_border_hover_color:var(--awb-color6);--button_border_width-top:0px;--button_border_width-right:0px;--button_border_width-bottom:0px;--button_border_width-left:0px;--button_gradient_angle:90deg;--button_gradient_top_color:var(--awb-custom_color_1);--button_gradient_bottom_color:var(--awb-custom_color_1);--button_gradient_top_color_hover:var(--awb-custom_color_2);--button_gradient_bottom_color_hover:var(--awb-color3);\" target=\"_self\" href=\"meilensteine-familie-busch\"><span class=\"fusion-button-text awb-button__text awb-button__text--default\">Nasze kamienie milowe<\/span><\/a><\/div><\/div><\/div><\/div><\/div><\/div><\/div><\/div><div class=\"fusion-fullwidth fullwidth-box fusion-builder-row-2 fusion-flex-container has-pattern-background has-mask-background nonhundred-percent-fullwidth non-hundred-percent-height-scrolling\" style=\"--awb-border-radius-top-left:0px;--awb-border-radius-top-right:0px;--awb-border-radius-bottom-right:0px;--awb-border-radius-bottom-left:0px;--awb-flex-wrap:wrap;\" ><div class=\"fusion-builder-row fusion-row fusion-flex-align-items-center fusion-flex-justify-content-center fusion-flex-content-wrap\" style=\"max-width:calc( 1200px + 0px );margin-left: calc(-0px \/ 2 );margin-right: calc(-0px \/ 2 );\"><div class=\"fusion-layout-column fusion_builder_column fusion-builder-column-1 fusion_builder_column_1_2 1_2 fusion-flex-column fusion-no-small-visibility fusion-no-medium-visibility\" style=\"--awb-bg-size:cover;--awb-width-large:50%;--awb-margin-top-large:0px;--awb-spacing-right-large:0px;--awb-margin-bottom-large:20px;--awb-spacing-left-large:0px;--awb-width-medium:50%;--awb-order-medium:0;--awb-spacing-right-medium:0px;--awb-spacing-left-medium:0px;--awb-width-small:100%;--awb-order-small:0;--awb-spacing-right-small:0px;--awb-spacing-left-small:0px;\" data-scroll-devices=\"small-visibility,medium-visibility,large-visibility\"><div class=\"fusion-column-wrapper fusion-column-has-shadow fusion-flex-justify-content-flex-start fusion-content-layout-column\"><\/div><\/div><div class=\"fusion-layout-column fusion_builder_column fusion-builder-column-2 fusion_builder_column_1_3 1_3 fusion-flex-column\" style=\"--awb-bg-size:cover;--awb-width-large:33.3333333333%;--awb-margin-top-large:0px;--awb-spacing-right-large:0px;--awb-margin-bottom-large:0px;--awb-spacing-left-large:0px;--awb-width-medium:100%;--awb-order-medium:0;--awb-spacing-right-medium:0px;--awb-spacing-left-medium:0px;--awb-width-small:100%;--awb-order-small:0;--awb-spacing-right-small:0px;--awb-spacing-left-small:0px;\" data-scroll-devices=\"small-visibility,medium-visibility,large-visibility\"><div class=\"fusion-column-wrapper fusion-column-has-shadow fusion-flex-justify-content-flex-start fusion-content-layout-column\"><div class=\"fusion-image-element md-text-align-center sm-text-align-center\" style=\"text-align:left;--awb-margin-top:-450px;--awb-margin-top-medium:-125px;--awb-margin-top-small:-100px;--awb-margin-right-small:75px;--awb-margin-left-small:75px;--awb-max-width:300px;--awb-caption-title-font-family:var(--h2_typography-font-family);--awb-caption-title-font-weight:var(--h2_typography-font-weight);--awb-caption-title-font-style:var(--h2_typography-font-style);--awb-caption-title-size:var(--h2_typography-font-size);--awb-caption-title-transform:var(--h2_typography-text-transform);--awb-caption-title-line-height:var(--h2_typography-line-height);--awb-caption-title-letter-spacing:var(--h2_typography-letter-spacing);\"><span class=\" fusion-imageframe imageframe-none imageframe-1 hover-type-none\"><img decoding=\"async\" width=\"429\" height=\"790\" alt=\"Stara ilustracja z rodzinami w restauracji i zamawianiem u kelnera\" title=\"schuetzenhaus-pulsnitz_illustration069\" src=\"https:\/\/schuetzenhaus.stilechtanders.de\/wp-content\/uploads\/2026\/01\/schuetzenhaus-pulsnitz_illustration069.webp\" class=\"img-responsive wp-image-11894\" srcset=\"https:\/\/schuetzenhaus.stilechtanders.de\/wp-content\/uploads\/2026\/01\/schuetzenhaus-pulsnitz_illustration069-200x368.webp 200w, https:\/\/schuetzenhaus.stilechtanders.de\/wp-content\/uploads\/2026\/01\/schuetzenhaus-pulsnitz_illustration069-400x737.webp 400w, https:\/\/schuetzenhaus.stilechtanders.de\/wp-content\/uploads\/2026\/01\/schuetzenhaus-pulsnitz_illustration069.webp 429w\" sizes=\"(max-width: 640px) 100vw, 429px\" \/><\/span><\/div><\/div><\/div><\/div><\/div><div class=\"fusion-fullwidth fullwidth-box fusion-builder-row-3 fusion-flex-container has-pattern-background has-mask-background nonhundred-percent-fullwidth non-hundred-percent-height-scrolling\" style=\"--awb-border-radius-top-left:0px;--awb-border-radius-top-right:0px;--awb-border-radius-bottom-right:0px;--awb-border-radius-bottom-left:0px;--awb-flex-wrap:wrap;\" ><div class=\"fusion-builder-row fusion-row fusion-flex-align-items-flex-start fusion-flex-justify-content-center fusion-flex-content-wrap\" style=\"max-width:1248px;margin-left: calc(-4% \/ 2 );margin-right: calc(-4% \/ 2 );\"><div class=\"fusion-layout-column fusion_builder_column fusion-builder-column-3 fusion_builder_column_1_2 1_2 fusion-flex-column\" style=\"--awb-bg-size:cover;--awb-width-large:50%;--awb-margin-top-large:0px;--awb-spacing-right-large:3.84%;--awb-margin-bottom-large:20px;--awb-spacing-left-large:3.84%;--awb-width-medium:80%;--awb-order-medium:0;--awb-spacing-right-medium:2.4%;--awb-spacing-left-medium:2.4%;--awb-width-small:100%;--awb-order-small:0;--awb-spacing-right-small:1.92%;--awb-spacing-left-small:1.92%;\" data-scroll-devices=\"small-visibility,medium-visibility,large-visibility\"><div class=\"fusion-column-wrapper fusion-column-has-shadow fusion-flex-justify-content-flex-start fusion-content-layout-column\"><div class=\"fusion-title title fusion-title-3 fusion-sep-none fusion-title-text fusion-title-size-two\" style=\"--awb-text-color:var(--awb-color5);--awb-margin-top-small:10px;--awb-margin-right-small:0px;--awb-margin-bottom-small:10px;--awb-margin-left-small:0px;--awb-font-size:var(--awb-custom_typography_2-font-size);\"><h2 class=\"fusion-title-heading title-heading-left md-text-align-center sm-text-align-center fusion-responsive-typography-calculated\" style=\"font-family:var(--awb-custom_typography_2-font-family);font-weight:var(--awb-custom_typography_2-font-weight);font-style:var(--awb-custom_typography_2-font-style);margin:0;letter-spacing:var(--awb-custom_typography_2-letter-spacing);text-transform:var(--awb-custom_typography_2-text-transform);font-size:1em;--fontSize:35;line-height:var(--awb-custom_typography_2-line-height);\">Od strzelnicy do gospody<\/h2><\/div><div class=\"fusion-image-element fusion-no-small-visibility fusion-no-medium-visibility\" style=\"text-align:center;--awb-aspect-ratio:4 \/ 3;--awb-object-position:54% 49%;--awb-margin-top:50px;--awb-caption-title-font-family:var(--h2_typography-font-family);--awb-caption-title-font-weight:var(--h2_typography-font-weight);--awb-caption-title-font-style:var(--h2_typography-font-style);--awb-caption-title-size:var(--h2_typography-font-size);--awb-caption-title-transform:var(--h2_typography-text-transform);--awb-caption-title-line-height:var(--h2_typography-line-height);--awb-caption-title-letter-spacing:var(--h2_typography-letter-spacing);\"><span class=\" fusion-imageframe imageframe-none imageframe-2 hover-type-none has-aspect-ratio\"><a href=\"https:\/\/schuetzenhaus.stilechtanders.de\/wp-content\/uploads\/2026\/01\/schuetzenhaus-pulsnitz_historische-gaststaette-ballsaal_uebernachtung001.avif\" class=\"fusion-lightbox\" data-rel=\"iLightbox[bilder-d_schuetzenhaus-pulsnitz_geschichte]\" data-title=\"schuetzenhaus-pulsnitz_historische-gaststaette-ballsaal_uebernachtung001\" title=\"schuetzenhaus-pulsnitz_historische-gaststaette-ballsaal_uebernachtung001\"><img decoding=\"async\" width=\"1200\" height=\"750\" src=\"https:\/\/schuetzenhaus.stilechtanders.de\/wp-content\/uploads\/2026\/01\/schuetzenhaus-pulsnitz_historische-gaststaette-ballsaal_uebernachtung001.avif\" class=\"img-responsive wp-image-11893 img-with-aspect-ratio\" data-parent-fit=\"cover\" data-parent-container=\".fusion-image-element\" alt  fetchpriority=\"high\" srcset=\"https:\/\/schuetzenhaus.stilechtanders.de\/wp-content\/uploads\/2026\/01\/schuetzenhaus-pulsnitz_historische-gaststaette-ballsaal_uebernachtung001-200x125.jpg 200w, https:\/\/schuetzenhaus.stilechtanders.de\/wp-content\/uploads\/2026\/01\/schuetzenhaus-pulsnitz_historische-gaststaette-ballsaal_uebernachtung001-400x250.jpg 400w, https:\/\/schuetzenhaus.stilechtanders.de\/wp-content\/uploads\/2026\/01\/schuetzenhaus-pulsnitz_historische-gaststaette-ballsaal_uebernachtung001-600x375.jpg 600w, https:\/\/schuetzenhaus.stilechtanders.de\/wp-content\/uploads\/2026\/01\/schuetzenhaus-pulsnitz_historische-gaststaette-ballsaal_uebernachtung001-800x500.jpg 800w, https:\/\/schuetzenhaus.stilechtanders.de\/wp-content\/uploads\/2026\/01\/schuetzenhaus-pulsnitz_historische-gaststaette-ballsaal_uebernachtung001.avif 1200w\" sizes=\"(max-width: 640px) 100vw, 600px\" \/><\/a><\/span><\/div><\/div><\/div><div class=\"fusion-layout-column fusion_builder_column fusion-builder-column-4 fusion_builder_column_1_2 1_2 fusion-flex-column\" style=\"--awb-bg-size:cover;--awb-width-large:50%;--awb-margin-top-large:0px;--awb-spacing-right-large:3.84%;--awb-margin-bottom-large:20px;--awb-spacing-left-large:3.84%;--awb-width-medium:80%;--awb-order-medium:0;--awb-spacing-right-medium:2.4%;--awb-spacing-left-medium:2.4%;--awb-width-small:100%;--awb-order-small:0;--awb-spacing-right-small:1.92%;--awb-spacing-left-small:1.92%;\" data-scroll-devices=\"small-visibility,medium-visibility,large-visibility\"><div class=\"fusion-column-wrapper fusion-column-has-shadow fusion-flex-justify-content-flex-start fusion-content-layout-column\"><div class=\"fusion-text fusion-text-2\"><ul>\n<li><strong><span style=\"color: #3c1c00;\">1467<br \/>\n<\/span><\/strong>Za\u0142o\u017cenie bractwa strzeleckiego dla wojskowej ochrony miasta.<\/li>\n<li><span style=\"color: #3c1c00;\"><strong>1473<br \/>\n<\/strong><\/span>Pocz\u0105tek strzelania maryjnego w lipcu. W kolejnych latach co roku odbywa\u0142o si\u0119 \u015bwi\u0119to strzeleckie. <\/li>\n<li><span style=\"color: #3c1c00;\"><strong><span style=\"color: #3c1c00;\">1658<\/span><br \/>\n<\/strong><\/span>Bractwo strzeleckie otrzymuje prawo do warzenia piwa trzy razy w roku bez podatku.<\/li>\n<li><span style=\"color: #3c1c00;\"><strong>1663<\/strong><strong><br \/>\n<\/strong><\/span>Budowa pierwszego domu strzeleckiego jako prostej konstrukcji szkieletowej do przechowywania broni i tarcz strzeleckich. Przylegaj\u0105ca strzelnica, w\u00f3wczas po\u0142o\u017cona przed murami miasta, zachowa\u0142a si\u0119 jako plac festynowy do dzi\u015b. Wtedy tradycj\u0105 staj\u0105 si\u0119 dwa \u015bwi\u0119ta strzeleckie w roku, w Zielone \u015awi\u0105tki i w lipcu.  <\/li>\n<li><span style=\"color: #3c1c00;\"><strong>1758<\/strong> <\/span><br \/>\nZniszczenie domu strzeleckiego w wojnie siedmioletniej. Odbudowa nast\u0105pi\u0142a zaraz po zako\u0144czeniu wojny. <\/li>\n<\/ul>\n<\/div><\/div><\/div><div class=\"fusion-layout-column fusion_builder_column fusion-builder-column-5 fusion_builder_column_1_2 1_2 fusion-flex-column fusion-no-large-visibility\" style=\"--awb-bg-size:cover;--awb-width-large:50%;--awb-margin-top-large:0px;--awb-spacing-right-large:3.84%;--awb-margin-bottom-large:20px;--awb-spacing-left-large:3.84%;--awb-width-medium:80%;--awb-order-medium:0;--awb-spacing-right-medium:2.4%;--awb-spacing-left-medium:0px;--awb-width-small:100%;--awb-order-small:0;--awb-spacing-right-small:1.92%;--awb-spacing-left-small:1.92%;\" data-scroll-devices=\"small-visibility,medium-visibility,large-visibility\"><div class=\"fusion-column-wrapper fusion-column-has-shadow fusion-flex-justify-content-flex-start fusion-content-layout-column\"><div class=\"fusion-image-element\" style=\"text-align:center;--awb-aspect-ratio:4 \/ 3;--awb-object-position:54% 49%;--awb-caption-title-font-family:var(--h2_typography-font-family);--awb-caption-title-font-weight:var(--h2_typography-font-weight);--awb-caption-title-font-style:var(--h2_typography-font-style);--awb-caption-title-size:var(--h2_typography-font-size);--awb-caption-title-transform:var(--h2_typography-text-transform);--awb-caption-title-line-height:var(--h2_typography-line-height);--awb-caption-title-letter-spacing:var(--h2_typography-letter-spacing);\"><span class=\" fusion-imageframe imageframe-none imageframe-3 hover-type-none has-aspect-ratio\"><a href=\"https:\/\/schuetzenhaus.stilechtanders.de\/wp-content\/uploads\/2026\/01\/schuetzenhaus-pulsnitz_historische-gaststaette-ballsaal_uebernachtung001.avif\" class=\"fusion-lightbox\" data-rel=\"iLightbox[bilder_tm_schuetzenhaus-pulsnitz_geschichte]\" data-title=\"schuetzenhaus-pulsnitz_historische-gaststaette-ballsaal_uebernachtung001\" title=\"schuetzenhaus-pulsnitz_historische-gaststaette-ballsaal_uebernachtung001\"><img decoding=\"async\" width=\"1200\" height=\"750\" src=\"https:\/\/schuetzenhaus.stilechtanders.de\/wp-content\/uploads\/2026\/01\/schuetzenhaus-pulsnitz_historische-gaststaette-ballsaal_uebernachtung001.avif\" class=\"img-responsive wp-image-11893 img-with-aspect-ratio\" data-parent-fit=\"cover\" data-parent-container=\".fusion-image-element\" alt  fetchpriority=\"high\" srcset=\"https:\/\/schuetzenhaus.stilechtanders.de\/wp-content\/uploads\/2026\/01\/schuetzenhaus-pulsnitz_historische-gaststaette-ballsaal_uebernachtung001-200x125.jpg 200w, https:\/\/schuetzenhaus.stilechtanders.de\/wp-content\/uploads\/2026\/01\/schuetzenhaus-pulsnitz_historische-gaststaette-ballsaal_uebernachtung001-400x250.jpg 400w, https:\/\/schuetzenhaus.stilechtanders.de\/wp-content\/uploads\/2026\/01\/schuetzenhaus-pulsnitz_historische-gaststaette-ballsaal_uebernachtung001-600x375.jpg 600w, https:\/\/schuetzenhaus.stilechtanders.de\/wp-content\/uploads\/2026\/01\/schuetzenhaus-pulsnitz_historische-gaststaette-ballsaal_uebernachtung001-800x500.jpg 800w, https:\/\/schuetzenhaus.stilechtanders.de\/wp-content\/uploads\/2026\/01\/schuetzenhaus-pulsnitz_historische-gaststaette-ballsaal_uebernachtung001.avif 1200w\" sizes=\"(max-width: 640px) 100vw, 600px\" \/><\/a><\/span><\/div><\/div><\/div><\/div><\/div><div class=\"fusion-fullwidth fullwidth-box fusion-builder-row-4 fusion-flex-container has-pattern-background has-mask-background nonhundred-percent-fullwidth non-hundred-percent-height-scrolling\" style=\"--awb-border-radius-top-left:0px;--awb-border-radius-top-right:0px;--awb-border-radius-bottom-right:0px;--awb-border-radius-bottom-left:0px;--awb-flex-wrap:wrap;\" ><div class=\"fusion-builder-row fusion-row fusion-flex-align-items-center fusion-flex-justify-content-center fusion-flex-content-wrap\" style=\"max-width:1248px;margin-left: calc(-4% \/ 2 );margin-right: calc(-4% \/ 2 );\"><div class=\"fusion-layout-column fusion_builder_column fusion-builder-column-6 fusion_builder_column_1_1 1_1 fusion-flex-column\" style=\"--awb-bg-size:cover;--awb-width-large:100%;--awb-margin-top-large:0px;--awb-spacing-right-large:1.92%;--awb-margin-bottom-large:20px;--awb-spacing-left-large:1.92%;--awb-width-medium:100%;--awb-order-medium:0;--awb-spacing-right-medium:1.92%;--awb-spacing-left-medium:1.92%;--awb-width-small:100%;--awb-order-small:0;--awb-spacing-right-small:1.92%;--awb-spacing-left-small:1.92%;\"><div class=\"fusion-column-wrapper fusion-column-has-shadow fusion-flex-justify-content-flex-start fusion-content-layout-column\"><div class=\"fusion-image-element\" style=\"text-align:center;--awb-margin-top-medium:-100px;--awb-margin-top-small:25px;--awb-margin-right-small:25px;--awb-margin-left-small:25px;--awb-max-width:400px;--awb-caption-title-font-family:var(--h2_typography-font-family);--awb-caption-title-font-weight:var(--h2_typography-font-weight);--awb-caption-title-font-style:var(--h2_typography-font-style);--awb-caption-title-size:var(--h2_typography-font-size);--awb-caption-title-transform:var(--h2_typography-text-transform);--awb-caption-title-line-height:var(--h2_typography-line-height);--awb-caption-title-letter-spacing:var(--h2_typography-letter-spacing);\"><span class=\" fusion-imageframe imageframe-none imageframe-4 hover-type-none\"><img decoding=\"async\" width=\"900\" height=\"623\" alt=\"Stara ilustracja z rodzinami w restauracji i zamawianiem u kelnera\" title=\"schuetzenhaus-pulsnitz_illustration031\" src=\"https:\/\/schuetzenhaus.stilechtanders.de\/wp-content\/uploads\/2026\/01\/schuetzenhaus-pulsnitz_illustration031.webp\" class=\"img-responsive wp-image-11895\" srcset=\"https:\/\/schuetzenhaus.stilechtanders.de\/wp-content\/uploads\/2026\/01\/schuetzenhaus-pulsnitz_illustration031-200x138.webp 200w, https:\/\/schuetzenhaus.stilechtanders.de\/wp-content\/uploads\/2026\/01\/schuetzenhaus-pulsnitz_illustration031-400x277.webp 400w, https:\/\/schuetzenhaus.stilechtanders.de\/wp-content\/uploads\/2026\/01\/schuetzenhaus-pulsnitz_illustration031-600x415.webp 600w, https:\/\/schuetzenhaus.stilechtanders.de\/wp-content\/uploads\/2026\/01\/schuetzenhaus-pulsnitz_illustration031-800x554.webp 800w, https:\/\/schuetzenhaus.stilechtanders.de\/wp-content\/uploads\/2026\/01\/schuetzenhaus-pulsnitz_illustration031.webp 900w\" sizes=\"(max-width: 640px) 100vw, 900px\" \/><\/span><\/div><div class=\"fusion-title title fusion-title-4 fusion-sep-none fusion-title-center fusion-title-text fusion-title-size-three\" style=\"--awb-text-color:var(--awb-color5);--awb-margin-top-small:10px;--awb-margin-right-small:0px;--awb-margin-bottom-small:10px;--awb-margin-left-small:0px;--awb-font-size:var(--awb-custom_typography_2-font-size);\"><h3 class=\"fusion-title-heading title-heading-center fusion-responsive-typography-calculated\" style=\"font-family:var(--awb-custom_typography_2-font-family);font-weight:var(--awb-custom_typography_2-font-weight);font-style:var(--awb-custom_typography_2-font-style);margin:0;letter-spacing:var(--awb-custom_typography_2-letter-spacing);text-transform:var(--awb-custom_typography_2-text-transform);font-size:1em;--fontSize:35;line-height:var(--awb-custom_typography_2-line-height);\">Restauracja dzier\u017cawiona i hotel<\/h3><\/div><div class=\"fusion-separator\" style=\"align-self: center;margin-left: auto;margin-right: auto;margin-top:20px;margin-bottom:10px;width:100%;max-width:200px;\"><div class=\"fusion-separator-border sep-single\" style=\"--awb-height:20px;--awb-amount:20px;--awb-sep-color:var(--awb-custom_color_2);border-color:var(--awb-custom_color_2);border-top-width:3px;\"><\/div><\/div><\/div><\/div><div class=\"fusion-layout-column fusion_builder_column fusion-builder-column-7 fusion_builder_column_1_2 1_2 fusion-flex-column\" style=\"--awb-bg-size:cover;--awb-width-large:50%;--awb-margin-top-large:0px;--awb-spacing-right-large:3.84%;--awb-margin-bottom-large:20px;--awb-spacing-left-large:3.84%;--awb-width-medium:80%;--awb-order-medium:0;--awb-spacing-right-medium:2.4%;--awb-spacing-left-medium:2.4%;--awb-width-small:100%;--awb-order-small:0;--awb-spacing-right-small:1.92%;--awb-spacing-left-small:1.92%;\" data-scroll-devices=\"small-visibility,medium-visibility,large-visibility\"><div class=\"fusion-column-wrapper fusion-column-has-shadow fusion-flex-justify-content-flex-start fusion-content-layout-column\"><div class=\"fusion-text fusion-text-3\"><ul>\n<li><span style=\"color: #3c1c00;\"><strong>1845<br \/>\n<\/strong><\/span>Uko\u0144czenie nowego budynku domu strzeleckiego w prostym stylu klasycystycznym. Czas budowy wyni\u00f3s\u0142 rok. Otwarto restauracj\u0119 dzier\u017cawion\u0105, kt\u00f3ra do dzi\u015b znajduje si\u0119 w tych samych pomieszczeniach. Od strony p\u00f3\u0142nocnej powsta\u0142 zacieniony ogr\u00f3dek piwny z nasadzeniami lip.   <\/li>\n<li><span style=\"color: #3c1c00;\"><strong>1905<\/strong><\/span><br \/>\nRozbudowa i przebudowa domu w stylu secesyjnym z w\u0142\u0105czeniem du\u017cej sali, tunelowego szynku i pi\u0119tra hotelowego. Charakterystycznym elementem budowlanym staje si\u0119 ma\u0142a naro\u017cna wie\u017cyczka. <\/li>\n<li><span style=\"color: #3c1c00;\"><strong>1925<\/strong><\/span><br \/>\nRozbudowa o \u201eHindenburgdiele\u201d przy wsp\u00f3\u0142pracy ze zwi\u0105zkiem kombatant\u00f3w. W sk\u0142ad kompleksu w\u0142\u0105czona zostaje r\u00f3wnie\u017c ma\u0142a stacja benzynowa. <\/li>\n<li><strong><span style=\"color: #3c1c00;\">1947<\/span><br \/>\n<\/strong>Rozwi\u0105zanie towarzystwa strzeleckiego i przej\u0119cie budynku przez armi\u0119 radzieck\u0105 jako magazyn materia\u0142owy.<\/li>\n<\/ul>\n<\/div><\/div><\/div><div class=\"fusion-layout-column fusion_builder_column fusion-builder-column-8 fusion_builder_column_1_2 1_2 fusion-flex-column fusion-no-small-visibility fusion-no-medium-visibility\" style=\"--awb-bg-size:cover;--awb-width-large:50%;--awb-margin-top-large:0px;--awb-spacing-right-large:3.84%;--awb-margin-bottom-large:20px;--awb-spacing-left-large:3.84%;--awb-width-medium:80%;--awb-order-medium:0;--awb-spacing-right-medium:0px;--awb-spacing-left-medium:2.4%;--awb-width-small:100%;--awb-order-small:0;--awb-spacing-right-small:1.92%;--awb-spacing-left-small:1.92%;\" data-scroll-devices=\"small-visibility,medium-visibility,large-visibility\"><div class=\"fusion-column-wrapper fusion-column-has-shadow fusion-flex-justify-content-flex-start fusion-content-layout-column\"><div class=\"fusion-image-element\" style=\"text-align:center;--awb-aspect-ratio:4 \/ 3;--awb-object-position:55% 72%;--awb-caption-title-font-family:var(--h2_typography-font-family);--awb-caption-title-font-weight:var(--h2_typography-font-weight);--awb-caption-title-font-style:var(--h2_typography-font-style);--awb-caption-title-size:var(--h2_typography-font-size);--awb-caption-title-transform:var(--h2_typography-text-transform);--awb-caption-title-line-height:var(--h2_typography-line-height);--awb-caption-title-letter-spacing:var(--h2_typography-letter-spacing);\"><span class=\" fusion-imageframe imageframe-none imageframe-5 hover-type-none has-aspect-ratio\"><a href=\"https:\/\/schuetzenhaus.stilechtanders.de\/wp-content\/uploads\/2026\/01\/schuetzenhaus-pulsnitz_historische-gaststaette-ballsaal_uebernachtung003.avif\" class=\"fusion-lightbox\" data-rel=\"iLightbox[bilder-d_schuetzenhaus-pulsnitz_geschichte]\" data-title=\"schuetzenhaus-pulsnitz_historische-gaststaette-ballsaal_uebernachtung003\" title=\"schuetzenhaus-pulsnitz_historische-gaststaette-ballsaal_uebernachtung003\"><img decoding=\"async\" width=\"1200\" height=\"750\" src=\"https:\/\/schuetzenhaus.stilechtanders.de\/wp-content\/uploads\/2026\/01\/schuetzenhaus-pulsnitz_historische-gaststaette-ballsaal_uebernachtung003.avif\" class=\"img-responsive wp-image-11896 img-with-aspect-ratio\" data-parent-fit=\"cover\" data-parent-container=\".fusion-image-element\" alt  fetchpriority=\"high\" srcset=\"https:\/\/schuetzenhaus.stilechtanders.de\/wp-content\/uploads\/2026\/01\/schuetzenhaus-pulsnitz_historische-gaststaette-ballsaal_uebernachtung003-200x125.jpg 200w, https:\/\/schuetzenhaus.stilechtanders.de\/wp-content\/uploads\/2026\/01\/schuetzenhaus-pulsnitz_historische-gaststaette-ballsaal_uebernachtung003-400x250.jpg 400w, https:\/\/schuetzenhaus.stilechtanders.de\/wp-content\/uploads\/2026\/01\/schuetzenhaus-pulsnitz_historische-gaststaette-ballsaal_uebernachtung003-600x375.jpg 600w, https:\/\/schuetzenhaus.stilechtanders.de\/wp-content\/uploads\/2026\/01\/schuetzenhaus-pulsnitz_historische-gaststaette-ballsaal_uebernachtung003-800x500.jpg 800w, https:\/\/schuetzenhaus.stilechtanders.de\/wp-content\/uploads\/2026\/01\/schuetzenhaus-pulsnitz_historische-gaststaette-ballsaal_uebernachtung003.avif 1200w\" sizes=\"(max-width: 640px) 100vw, 600px\" \/><\/a><\/span><\/div><\/div><\/div><div class=\"fusion-layout-column fusion_builder_column fusion-builder-column-9 fusion_builder_column_1_2 1_2 fusion-flex-column fusion-no-large-visibility\" style=\"--awb-bg-size:cover;--awb-width-large:50%;--awb-margin-top-large:0px;--awb-spacing-right-large:3.84%;--awb-margin-bottom-large:20px;--awb-spacing-left-large:3.84%;--awb-width-medium:80%;--awb-order-medium:0;--awb-spacing-right-medium:2.4%;--awb-spacing-left-medium:0px;--awb-width-small:100%;--awb-order-small:0;--awb-spacing-right-small:1.92%;--awb-spacing-left-small:1.92%;\" data-scroll-devices=\"small-visibility,medium-visibility,large-visibility\"><div class=\"fusion-column-wrapper fusion-column-has-shadow fusion-flex-justify-content-flex-start fusion-content-layout-column\"><div class=\"fusion-image-element\" style=\"text-align:center;--awb-aspect-ratio:4 \/ 3;--awb-object-position:54% 49%;--awb-caption-title-font-family:var(--h2_typography-font-family);--awb-caption-title-font-weight:var(--h2_typography-font-weight);--awb-caption-title-font-style:var(--h2_typography-font-style);--awb-caption-title-size:var(--h2_typography-font-size);--awb-caption-title-transform:var(--h2_typography-text-transform);--awb-caption-title-line-height:var(--h2_typography-line-height);--awb-caption-title-letter-spacing:var(--h2_typography-letter-spacing);\"><span class=\" fusion-imageframe imageframe-none imageframe-6 hover-type-none has-aspect-ratio\"><a href=\"https:\/\/schuetzenhaus.stilechtanders.de\/wp-content\/uploads\/2026\/01\/schuetzenhaus-pulsnitz_historische-gaststaette-ballsaal_uebernachtung003.avif\" class=\"fusion-lightbox\" data-rel=\"iLightbox[bilder_tm_schuetzenhaus-pulsnitz_geschichte]\" data-title=\"schuetzenhaus-pulsnitz_historische-gaststaette-ballsaal_uebernachtung003\" title=\"schuetzenhaus-pulsnitz_historische-gaststaette-ballsaal_uebernachtung003\"><img decoding=\"async\" width=\"1200\" height=\"750\" src=\"https:\/\/schuetzenhaus.stilechtanders.de\/wp-content\/uploads\/2026\/01\/schuetzenhaus-pulsnitz_historische-gaststaette-ballsaal_uebernachtung003.avif\" class=\"img-responsive wp-image-11896 img-with-aspect-ratio\" data-parent-fit=\"cover\" data-parent-container=\".fusion-image-element\" alt  fetchpriority=\"high\" srcset=\"https:\/\/schuetzenhaus.stilechtanders.de\/wp-content\/uploads\/2026\/01\/schuetzenhaus-pulsnitz_historische-gaststaette-ballsaal_uebernachtung003-200x125.jpg 200w, https:\/\/schuetzenhaus.stilechtanders.de\/wp-content\/uploads\/2026\/01\/schuetzenhaus-pulsnitz_historische-gaststaette-ballsaal_uebernachtung003-400x250.jpg 400w, https:\/\/schuetzenhaus.stilechtanders.de\/wp-content\/uploads\/2026\/01\/schuetzenhaus-pulsnitz_historische-gaststaette-ballsaal_uebernachtung003-600x375.jpg 600w, https:\/\/schuetzenhaus.stilechtanders.de\/wp-content\/uploads\/2026\/01\/schuetzenhaus-pulsnitz_historische-gaststaette-ballsaal_uebernachtung003-800x500.jpg 800w, https:\/\/schuetzenhaus.stilechtanders.de\/wp-content\/uploads\/2026\/01\/schuetzenhaus-pulsnitz_historische-gaststaette-ballsaal_uebernachtung003.avif 1200w\" sizes=\"(max-width: 640px) 100vw, 600px\" \/><\/a><\/span><\/div><\/div><\/div><\/div><\/div><div class=\"fusion-fullwidth fullwidth-box fusion-builder-row-5 fusion-flex-container has-pattern-background has-mask-background nonhundred-percent-fullwidth non-hundred-percent-height-scrolling\" style=\"--awb-border-radius-top-left:0px;--awb-border-radius-top-right:0px;--awb-border-radius-bottom-right:0px;--awb-border-radius-bottom-left:0px;--awb-flex-wrap:wrap;\" ><div class=\"fusion-builder-row fusion-row fusion-flex-align-items-center fusion-flex-justify-content-center fusion-flex-content-wrap\" style=\"max-width:1248px;margin-left: calc(-4% \/ 2 );margin-right: calc(-4% \/ 2 );\"><div class=\"fusion-layout-column fusion_builder_column fusion-builder-column-10 fusion_builder_column_1_1 1_1 fusion-flex-column\" style=\"--awb-bg-size:cover;--awb-width-large:100%;--awb-margin-top-large:0px;--awb-spacing-right-large:1.92%;--awb-margin-bottom-large:20px;--awb-spacing-left-large:1.92%;--awb-width-medium:100%;--awb-order-medium:0;--awb-spacing-right-medium:1.92%;--awb-spacing-left-medium:1.92%;--awb-width-small:100%;--awb-order-small:0;--awb-spacing-right-small:1.92%;--awb-spacing-left-small:1.92%;\"><div class=\"fusion-column-wrapper fusion-column-has-shadow fusion-flex-justify-content-flex-start fusion-content-layout-column\"><div class=\"fusion-image-element\" style=\"text-align:center;--awb-margin-left:-20px;--awb-margin-top-medium:-80px;--awb-margin-top-small:25px;--awb-margin-right-small:25px;--awb-margin-left-small:0px;--awb-max-width:450px;--awb-caption-title-font-family:var(--h2_typography-font-family);--awb-caption-title-font-weight:var(--h2_typography-font-weight);--awb-caption-title-font-style:var(--h2_typography-font-style);--awb-caption-title-size:var(--h2_typography-font-size);--awb-caption-title-transform:var(--h2_typography-text-transform);--awb-caption-title-line-height:var(--h2_typography-line-height);--awb-caption-title-letter-spacing:var(--h2_typography-letter-spacing);\"><span class=\" fusion-imageframe imageframe-none imageframe-7 hover-type-none\"><img decoding=\"async\" width=\"900\" height=\"438\" alt=\"Stara ilustracja z rodzinami w restauracji i zamawianiem u kelnera\" title=\"schuetzenhaus-pulsnitz_illustration098\" src=\"https:\/\/schuetzenhaus.stilechtanders.de\/wp-content\/uploads\/2026\/01\/schuetzenhaus-pulsnitz_illustration098.webp\" class=\"img-responsive wp-image-11897\" srcset=\"https:\/\/schuetzenhaus.stilechtanders.de\/wp-content\/uploads\/2026\/01\/schuetzenhaus-pulsnitz_illustration098-200x97.webp 200w, https:\/\/schuetzenhaus.stilechtanders.de\/wp-content\/uploads\/2026\/01\/schuetzenhaus-pulsnitz_illustration098-400x195.webp 400w, https:\/\/schuetzenhaus.stilechtanders.de\/wp-content\/uploads\/2026\/01\/schuetzenhaus-pulsnitz_illustration098-600x292.webp 600w, https:\/\/schuetzenhaus.stilechtanders.de\/wp-content\/uploads\/2026\/01\/schuetzenhaus-pulsnitz_illustration098-800x389.webp 800w, https:\/\/schuetzenhaus.stilechtanders.de\/wp-content\/uploads\/2026\/01\/schuetzenhaus-pulsnitz_illustration098.webp 900w\" sizes=\"(max-width: 640px) 100vw, 900px\" \/><\/span><\/div><div class=\"fusion-title title fusion-title-5 fusion-sep-none fusion-title-center fusion-title-text fusion-title-size-two\" style=\"--awb-text-color:var(--awb-color5);--awb-margin-top-small:10px;--awb-margin-right-small:0px;--awb-margin-bottom-small:10px;--awb-margin-left-small:0px;--awb-font-size:var(--awb-custom_typography_2-font-size);\"><h2 class=\"fusion-title-heading title-heading-center fusion-responsive-typography-calculated\" style=\"font-family:var(--awb-custom_typography_2-font-family);font-weight:var(--awb-custom_typography_2-font-weight);font-style:var(--awb-custom_typography_2-font-style);margin:0;letter-spacing:var(--awb-custom_typography_2-letter-spacing);text-transform:var(--awb-custom_typography_2-text-transform);font-size:1em;--fontSize:35;line-height:var(--awb-custom_typography_2-line-height);\">Dom kultury Pulsnitz i restauracja HO<\/h2><\/div><div class=\"fusion-separator\" style=\"align-self: center;margin-left: auto;margin-right: auto;margin-top:20px;margin-bottom:10px;width:100%;max-width:200px;\"><div class=\"fusion-separator-border sep-single\" style=\"--awb-height:20px;--awb-amount:20px;--awb-sep-color:var(--awb-custom_color_2);border-color:var(--awb-custom_color_2);border-top-width:3px;\"><\/div><\/div><\/div><\/div><div class=\"fusion-layout-column fusion_builder_column fusion-builder-column-11 fusion_builder_column_1_2 1_2 fusion-flex-column fusion-no-small-visibility fusion-no-medium-visibility\" style=\"--awb-bg-size:cover;--awb-width-large:50%;--awb-margin-top-large:0px;--awb-spacing-right-large:3.84%;--awb-margin-bottom-large:20px;--awb-spacing-left-large:3.84%;--awb-width-medium:80%;--awb-order-medium:0;--awb-spacing-right-medium:2.4%;--awb-spacing-left-medium:0px;--awb-width-small:100%;--awb-order-small:0;--awb-spacing-right-small:1.92%;--awb-spacing-left-small:1.92%;\" data-scroll-devices=\"small-visibility,medium-visibility,large-visibility\"><div class=\"fusion-column-wrapper fusion-column-has-shadow fusion-flex-justify-content-flex-start fusion-content-layout-column\"><div class=\"fusion-image-element\" style=\"text-align:center;--awb-aspect-ratio:4 \/ 3;--awb-object-position:68% 67%;--awb-caption-title-font-family:var(--h2_typography-font-family);--awb-caption-title-font-weight:var(--h2_typography-font-weight);--awb-caption-title-font-style:var(--h2_typography-font-style);--awb-caption-title-size:var(--h2_typography-font-size);--awb-caption-title-transform:var(--h2_typography-text-transform);--awb-caption-title-line-height:var(--h2_typography-line-height);--awb-caption-title-letter-spacing:var(--h2_typography-letter-spacing);\"><span class=\" fusion-imageframe imageframe-none imageframe-8 hover-type-none has-aspect-ratio\"><a href=\"https:\/\/schuetzenhaus.stilechtanders.de\/wp-content\/uploads\/2026\/01\/schuetzenhaus-pulsnitz_historische-gaststaette-ballsaal_uebernachtung004.avif\" class=\"fusion-lightbox\" data-rel=\"iLightbox[bilder-d_schuetzenhaus-pulsnitz_geschichte]\" data-title=\"schuetzenhaus-pulsnitz_historische-gaststaette-ballsaal_uebernachtung004\" title=\"schuetzenhaus-pulsnitz_historische-gaststaette-ballsaal_uebernachtung004\"><img decoding=\"async\" width=\"1200\" height=\"750\" src=\"https:\/\/schuetzenhaus.stilechtanders.de\/wp-content\/uploads\/2026\/01\/schuetzenhaus-pulsnitz_historische-gaststaette-ballsaal_uebernachtung004.avif\" class=\"img-responsive wp-image-11898 img-with-aspect-ratio\" data-parent-fit=\"cover\" data-parent-container=\".fusion-image-element\" alt  fetchpriority=\"high\" srcset=\"https:\/\/schuetzenhaus.stilechtanders.de\/wp-content\/uploads\/2026\/01\/schuetzenhaus-pulsnitz_historische-gaststaette-ballsaal_uebernachtung004-200x125.jpg 200w, https:\/\/schuetzenhaus.stilechtanders.de\/wp-content\/uploads\/2026\/01\/schuetzenhaus-pulsnitz_historische-gaststaette-ballsaal_uebernachtung004-400x250.jpg 400w, https:\/\/schuetzenhaus.stilechtanders.de\/wp-content\/uploads\/2026\/01\/schuetzenhaus-pulsnitz_historische-gaststaette-ballsaal_uebernachtung004-600x375.jpg 600w, https:\/\/schuetzenhaus.stilechtanders.de\/wp-content\/uploads\/2026\/01\/schuetzenhaus-pulsnitz_historische-gaststaette-ballsaal_uebernachtung004-800x500.jpg 800w, https:\/\/schuetzenhaus.stilechtanders.de\/wp-content\/uploads\/2026\/01\/schuetzenhaus-pulsnitz_historische-gaststaette-ballsaal_uebernachtung004.avif 1200w\" sizes=\"(max-width: 640px) 100vw, 600px\" \/><\/a><\/span><\/div><\/div><\/div><div class=\"fusion-layout-column fusion_builder_column fusion-builder-column-12 fusion_builder_column_1_2 1_2 fusion-flex-column\" style=\"--awb-bg-size:cover;--awb-width-large:50%;--awb-margin-top-large:0px;--awb-spacing-right-large:3.84%;--awb-margin-bottom-large:20px;--awb-spacing-left-large:3.84%;--awb-width-medium:80%;--awb-order-medium:0;--awb-spacing-right-medium:2.4%;--awb-spacing-left-medium:2.4%;--awb-width-small:100%;--awb-order-small:0;--awb-spacing-right-small:1.92%;--awb-spacing-left-small:1.92%;\" data-scroll-devices=\"small-visibility,medium-visibility,large-visibility\"><div class=\"fusion-column-wrapper fusion-column-has-shadow fusion-flex-justify-content-flex-start fusion-content-layout-column\"><div class=\"fusion-text fusion-text-4\"><ul>\n<li><strong><span style=\"color: #3c1c00;\">1950<\/span><\/strong><br \/>\nU\u017cytkowanie jako dom pracownik\u00f3w tekstylnych z zaopatrzeniem w posi\u0142ki.<\/li>\n<li><span style=\"color: #3c1c00;\"><strong>1952<\/strong><\/span><br \/>\nPrzebudowa na miejski dom kultury z rozbudow\u0105 sceny na przedstawienia teatralne i urz\u0105dzeniem restauracji HO. W\u0142a\u015bcicielem staje si\u0119 od tej pory miasto Pulsnitz, operatorem HO-Bischofswerda, oddzia\u0142 restauracji. <\/li>\n<li><span style=\"color: #3c1c00;\"><strong>1958<\/strong><\/span><br \/>\nArno Alschner zostaje kierownikiem restauracji i w trakcie swojej s\u0142u\u017cby staje si\u0119 legend\u0105. Triumfalny poch\u00f3d \u201esznycla bu\u0142garskiego\u201d w gastronomii wschodniej Saksonii przypada m.in. na okres jego dzia\u0142alno\u015bci. <\/li>\n<li><strong><span style=\"color: #3c1c00;\">1976<\/span><\/strong><br \/>\n\u201eKulturhaus\u201d by\u0142 prowadzony kolejno przez kilku kierownik\u00f3w: Gerharda Otto, Karla Teicha i Christ\u0119 Gro\u00dfmann.<\/li>\n<\/ul>\n<\/div><\/div><\/div><div class=\"fusion-layout-column fusion_builder_column fusion-builder-column-13 fusion_builder_column_1_2 1_2 fusion-flex-column fusion-no-large-visibility\" style=\"--awb-bg-size:cover;--awb-width-large:50%;--awb-margin-top-large:0px;--awb-spacing-right-large:3.84%;--awb-margin-bottom-large:20px;--awb-spacing-left-large:3.84%;--awb-width-medium:80%;--awb-order-medium:0;--awb-spacing-right-medium:2.4%;--awb-spacing-left-medium:0px;--awb-width-small:100%;--awb-order-small:0;--awb-spacing-right-small:1.92%;--awb-spacing-left-small:1.92%;\" data-scroll-devices=\"small-visibility,medium-visibility,large-visibility\"><div class=\"fusion-column-wrapper fusion-column-has-shadow fusion-flex-justify-content-flex-start fusion-content-layout-column\"><div class=\"fusion-image-element\" style=\"text-align:center;--awb-aspect-ratio:4 \/ 3;--awb-object-position:68% 67%;--awb-caption-title-font-family:var(--h2_typography-font-family);--awb-caption-title-font-weight:var(--h2_typography-font-weight);--awb-caption-title-font-style:var(--h2_typography-font-style);--awb-caption-title-size:var(--h2_typography-font-size);--awb-caption-title-transform:var(--h2_typography-text-transform);--awb-caption-title-line-height:var(--h2_typography-line-height);--awb-caption-title-letter-spacing:var(--h2_typography-letter-spacing);\"><span class=\" fusion-imageframe imageframe-none imageframe-9 hover-type-none has-aspect-ratio\"><a href=\"https:\/\/schuetzenhaus.stilechtanders.de\/wp-content\/uploads\/2026\/01\/schuetzenhaus-pulsnitz_historische-gaststaette-ballsaal_uebernachtung004.avif\" class=\"fusion-lightbox\" data-rel=\"iLightbox[bilder_tm_schuetzenhaus-pulsnitz_geschichte]\" data-title=\"schuetzenhaus-pulsnitz_historische-gaststaette-ballsaal_uebernachtung004\" title=\"schuetzenhaus-pulsnitz_historische-gaststaette-ballsaal_uebernachtung004\"><img decoding=\"async\" width=\"1200\" height=\"750\" src=\"https:\/\/schuetzenhaus.stilechtanders.de\/wp-content\/uploads\/2026\/01\/schuetzenhaus-pulsnitz_historische-gaststaette-ballsaal_uebernachtung004.avif\" class=\"img-responsive wp-image-11898 img-with-aspect-ratio\" data-parent-fit=\"cover\" data-parent-container=\".fusion-image-element\" alt  fetchpriority=\"high\" srcset=\"https:\/\/schuetzenhaus.stilechtanders.de\/wp-content\/uploads\/2026\/01\/schuetzenhaus-pulsnitz_historische-gaststaette-ballsaal_uebernachtung004-200x125.jpg 200w, https:\/\/schuetzenhaus.stilechtanders.de\/wp-content\/uploads\/2026\/01\/schuetzenhaus-pulsnitz_historische-gaststaette-ballsaal_uebernachtung004-400x250.jpg 400w, https:\/\/schuetzenhaus.stilechtanders.de\/wp-content\/uploads\/2026\/01\/schuetzenhaus-pulsnitz_historische-gaststaette-ballsaal_uebernachtung004-600x375.jpg 600w, https:\/\/schuetzenhaus.stilechtanders.de\/wp-content\/uploads\/2026\/01\/schuetzenhaus-pulsnitz_historische-gaststaette-ballsaal_uebernachtung004-800x500.jpg 800w, https:\/\/schuetzenhaus.stilechtanders.de\/wp-content\/uploads\/2026\/01\/schuetzenhaus-pulsnitz_historische-gaststaette-ballsaal_uebernachtung004.avif 1200w\" sizes=\"(max-width: 640px) 100vw, 600px\" \/><\/a><\/span><\/div><\/div><\/div><\/div><\/div><div class=\"fusion-fullwidth fullwidth-box fusion-builder-row-6 fusion-flex-container has-pattern-background has-mask-background nonhundred-percent-fullwidth non-hundred-percent-height-scrolling\" style=\"--awb-border-radius-top-left:0px;--awb-border-radius-top-right:0px;--awb-border-radius-bottom-right:0px;--awb-border-radius-bottom-left:0px;--awb-margin-bottom:100px;--awb-flex-wrap:wrap;\" ><div class=\"fusion-builder-row fusion-row fusion-flex-align-items-center fusion-flex-justify-content-center fusion-flex-content-wrap\" style=\"max-width:1248px;margin-left: calc(-4% \/ 2 );margin-right: calc(-4% \/ 2 );\"><div class=\"fusion-layout-column fusion_builder_column fusion-builder-column-14 fusion_builder_column_1_1 1_1 fusion-flex-column\" style=\"--awb-bg-size:cover;--awb-width-large:100%;--awb-margin-top-large:0px;--awb-spacing-right-large:1.92%;--awb-margin-bottom-large:20px;--awb-spacing-left-large:1.92%;--awb-width-medium:100%;--awb-order-medium:0;--awb-spacing-right-medium:1.92%;--awb-spacing-left-medium:1.92%;--awb-width-small:100%;--awb-order-small:0;--awb-spacing-right-small:1.92%;--awb-spacing-left-small:1.92%;\"><div class=\"fusion-column-wrapper fusion-column-has-shadow fusion-flex-justify-content-flex-start fusion-content-layout-column\"><div class=\"fusion-image-element\" style=\"text-align:center;--awb-margin-top-medium:-100px;--awb-margin-top-small:25px;--awb-margin-right-small:25px;--awb-margin-left-small:25px;--awb-max-width:400px;--awb-caption-title-font-family:var(--h2_typography-font-family);--awb-caption-title-font-weight:var(--h2_typography-font-weight);--awb-caption-title-font-style:var(--h2_typography-font-style);--awb-caption-title-size:var(--h2_typography-font-size);--awb-caption-title-transform:var(--h2_typography-text-transform);--awb-caption-title-line-height:var(--h2_typography-line-height);--awb-caption-title-letter-spacing:var(--h2_typography-letter-spacing);\"><span class=\" fusion-imageframe imageframe-none imageframe-10 hover-type-none\"><img decoding=\"async\" width=\"829\" height=\"558\" alt=\"Stara ilustracja z rodzinami w restauracji i zamawianiem u kelnera\" title=\"schuetzenhaus-pulsnitz_illustration041\" src=\"https:\/\/schuetzenhaus.stilechtanders.de\/wp-content\/uploads\/2026\/01\/schuetzenhaus-pulsnitz_illustration041.webp\" class=\"img-responsive wp-image-11899\" srcset=\"https:\/\/schuetzenhaus.stilechtanders.de\/wp-content\/uploads\/2026\/01\/schuetzenhaus-pulsnitz_illustration041-200x135.webp 200w, https:\/\/schuetzenhaus.stilechtanders.de\/wp-content\/uploads\/2026\/01\/schuetzenhaus-pulsnitz_illustration041-400x269.webp 400w, https:\/\/schuetzenhaus.stilechtanders.de\/wp-content\/uploads\/2026\/01\/schuetzenhaus-pulsnitz_illustration041-600x404.webp 600w, https:\/\/schuetzenhaus.stilechtanders.de\/wp-content\/uploads\/2026\/01\/schuetzenhaus-pulsnitz_illustration041-800x538.webp 800w, https:\/\/schuetzenhaus.stilechtanders.de\/wp-content\/uploads\/2026\/01\/schuetzenhaus-pulsnitz_illustration041.webp 829w\" sizes=\"(max-width: 640px) 100vw, 829px\" \/><\/span><\/div><div class=\"fusion-title title fusion-title-6 fusion-sep-none fusion-title-center fusion-title-text fusion-title-size-three\" style=\"--awb-text-color:var(--awb-color5);--awb-margin-top-small:10px;--awb-margin-right-small:0px;--awb-margin-bottom-small:10px;--awb-margin-left-small:0px;--awb-font-size:var(--awb-custom_typography_2-font-size);\"><h3 class=\"fusion-title-heading title-heading-center fusion-responsive-typography-calculated\" style=\"font-family:var(--awb-custom_typography_2-font-family);font-weight:var(--awb-custom_typography_2-font-weight);font-style:var(--awb-custom_typography_2-font-style);margin:0;letter-spacing:var(--awb-custom_typography_2-letter-spacing);text-transform:var(--awb-custom_typography_2-text-transform);font-size:1em;--fontSize:35;line-height:var(--awb-custom_typography_2-line-height);\">Prywatyzacja po zjednoczeniu<\/h3><\/div><div class=\"fusion-separator\" style=\"align-self: center;margin-left: auto;margin-right: auto;margin-top:20px;margin-bottom:10px;width:100%;max-width:200px;\"><div class=\"fusion-separator-border sep-single\" style=\"--awb-height:20px;--awb-amount:20px;--awb-sep-color:var(--awb-custom_color_2);border-color:var(--awb-custom_color_2);border-top-width:3px;\"><\/div><\/div><\/div><\/div><div class=\"fusion-layout-column fusion_builder_column fusion-builder-column-15 fusion_builder_column_1_2 1_2 fusion-flex-column\" style=\"--awb-bg-size:cover;--awb-width-large:50%;--awb-margin-top-large:0px;--awb-spacing-right-large:3.84%;--awb-margin-bottom-large:20px;--awb-spacing-left-large:3.84%;--awb-width-medium:80%;--awb-order-medium:0;--awb-spacing-right-medium:2.4%;--awb-spacing-left-medium:2.4%;--awb-width-small:100%;--awb-order-small:0;--awb-spacing-right-small:1.92%;--awb-spacing-left-small:1.92%;\" data-scroll-devices=\"small-visibility,medium-visibility,large-visibility\"><div class=\"fusion-column-wrapper fusion-column-has-shadow fusion-flex-justify-content-flex-start fusion-content-layout-column\"><div class=\"fusion-text fusion-text-5\"><ul>\n<li><span style=\"color: #3c1c00;\"><strong>1990<\/strong><\/span><br \/>\nZakup obiektu przez rodzin\u0119 K\u00fchne. Przeprowadzono znaczne prace przebudowy i renowacji. Wraz z tym rozbi\u00f3rka wyposa\u017cenia wewn\u0119trznego sali wraz z parkietem, przez co od 1993 roku nie by\u0142y ju\u017c mo\u017cliwe \u017cadne imprezy.  <\/li>\n<li><span style=\"color: #3c1c00;\"><strong>1995<\/strong><\/span><br \/>\nUpad\u0142o\u015b\u0107 rodziny K\u00fchne i zamkni\u0119cie domu strzeleckiego na kilka lat.<\/li>\n<li><strong><span style=\"color: #3c1c00;\">1997<\/span><br \/>\n<\/strong>Gerd Busch zostaje nowym dzier\u017cawc\u0105. Trzy lata p\u00f3\u017aniej nast\u0119puje nabycie domu strzeleckiego, wsp\u00f3lnie z jego synem Dirkiem Buschem. Obaj w\u0142a\u015bciciele s\u0105 od tego czasu r\u00f3wnie\u017c operatorami tradycyjnej gospody.  <\/li>\n<\/ul>\n<\/div><\/div><\/div><div class=\"fusion-layout-column fusion_builder_column fusion-builder-column-16 fusion_builder_column_1_2 1_2 fusion-flex-column fusion-no-small-visibility fusion-no-medium-visibility\" style=\"--awb-bg-size:cover;--awb-width-large:50%;--awb-margin-top-large:0px;--awb-spacing-right-large:3.84%;--awb-margin-bottom-large:20px;--awb-spacing-left-large:3.84%;--awb-width-medium:80%;--awb-order-medium:0;--awb-spacing-right-medium:0px;--awb-spacing-left-medium:2.4%;--awb-width-small:100%;--awb-order-small:0;--awb-spacing-right-small:1.92%;--awb-spacing-left-small:1.92%;\" data-scroll-devices=\"small-visibility,medium-visibility,large-visibility\"><div class=\"fusion-column-wrapper fusion-column-has-shadow fusion-flex-justify-content-flex-start fusion-content-layout-column\"><div class=\"fusion-image-element\" style=\"text-align:center;--awb-aspect-ratio:4 \/ 3;--awb-object-position:54% 77%;--awb-caption-title-font-family:var(--h2_typography-font-family);--awb-caption-title-font-weight:var(--h2_typography-font-weight);--awb-caption-title-font-style:var(--h2_typography-font-style);--awb-caption-title-size:var(--h2_typography-font-size);--awb-caption-title-transform:var(--h2_typography-text-transform);--awb-caption-title-line-height:var(--h2_typography-line-height);--awb-caption-title-letter-spacing:var(--h2_typography-letter-spacing);\"><span class=\" fusion-imageframe imageframe-none imageframe-11 hover-type-none has-aspect-ratio\"><a href=\"https:\/\/schuetzenhaus.stilechtanders.de\/wp-content\/uploads\/2026\/01\/schuetzenhaus-pulsnitz_historische-gaststaette-ballsaal_uebernachtung005.avif\" class=\"fusion-lightbox\" data-rel=\"iLightbox[bilder-d_schuetzenhaus-pulsnitz_geschichte]\" data-title=\"schuetzenhaus-pulsnitz_historische-gaststaette-ballsaal_uebernachtung005\" title=\"schuetzenhaus-pulsnitz_historische-gaststaette-ballsaal_uebernachtung005\"><img decoding=\"async\" width=\"1200\" height=\"750\" src=\"https:\/\/schuetzenhaus.stilechtanders.de\/wp-content\/uploads\/2026\/01\/schuetzenhaus-pulsnitz_historische-gaststaette-ballsaal_uebernachtung005.avif\" class=\"img-responsive wp-image-11900 img-with-aspect-ratio\" data-parent-fit=\"cover\" data-parent-container=\".fusion-image-element\" alt  fetchpriority=\"high\" srcset=\"https:\/\/schuetzenhaus.stilechtanders.de\/wp-content\/uploads\/2026\/01\/schuetzenhaus-pulsnitz_historische-gaststaette-ballsaal_uebernachtung005-200x125.jpg 200w, https:\/\/schuetzenhaus.stilechtanders.de\/wp-content\/uploads\/2026\/01\/schuetzenhaus-pulsnitz_historische-gaststaette-ballsaal_uebernachtung005-400x250.jpg 400w, https:\/\/schuetzenhaus.stilechtanders.de\/wp-content\/uploads\/2026\/01\/schuetzenhaus-pulsnitz_historische-gaststaette-ballsaal_uebernachtung005-600x375.jpg 600w, https:\/\/schuetzenhaus.stilechtanders.de\/wp-content\/uploads\/2026\/01\/schuetzenhaus-pulsnitz_historische-gaststaette-ballsaal_uebernachtung005-800x500.jpg 800w, https:\/\/schuetzenhaus.stilechtanders.de\/wp-content\/uploads\/2026\/01\/schuetzenhaus-pulsnitz_historische-gaststaette-ballsaal_uebernachtung005.avif 1200w\" sizes=\"(max-width: 640px) 100vw, 600px\" \/><\/a><\/span><\/div><\/div><\/div><div class=\"fusion-layout-column fusion_builder_column fusion-builder-column-17 fusion_builder_column_1_2 1_2 fusion-flex-column fusion-no-large-visibility\" style=\"--awb-bg-size:cover;--awb-width-large:50%;--awb-margin-top-large:0px;--awb-spacing-right-large:3.84%;--awb-margin-bottom-large:20px;--awb-spacing-left-large:3.84%;--awb-width-medium:80%;--awb-order-medium:0;--awb-spacing-right-medium:2.4%;--awb-spacing-left-medium:0px;--awb-width-small:100%;--awb-order-small:0;--awb-spacing-right-small:1.92%;--awb-spacing-left-small:1.92%;\" data-scroll-devices=\"small-visibility,medium-visibility,large-visibility\"><div class=\"fusion-column-wrapper fusion-column-has-shadow fusion-flex-justify-content-flex-start fusion-content-layout-column\"><div class=\"fusion-image-element\" style=\"text-align:center;--awb-aspect-ratio:4 \/ 3;--awb-object-position:68% 67%;--awb-caption-title-font-family:var(--h2_typography-font-family);--awb-caption-title-font-weight:var(--h2_typography-font-weight);--awb-caption-title-font-style:var(--h2_typography-font-style);--awb-caption-title-size:var(--h2_typography-font-size);--awb-caption-title-transform:var(--h2_typography-text-transform);--awb-caption-title-line-height:var(--h2_typography-line-height);--awb-caption-title-letter-spacing:var(--h2_typography-letter-spacing);\"><span class=\" fusion-imageframe imageframe-none imageframe-12 hover-type-none has-aspect-ratio\"><a href=\"https:\/\/schuetzenhaus.stilechtanders.de\/wp-content\/uploads\/2026\/01\/schuetzenhaus-pulsnitz_historische-gaststaette-ballsaal_uebernachtung005.avif\" class=\"fusion-lightbox\" data-rel=\"iLightbox[bilder_tm_schuetzenhaus-pulsnitz_geschichte]\" data-title=\"schuetzenhaus-pulsnitz_historische-gaststaette-ballsaal_uebernachtung005\" title=\"schuetzenhaus-pulsnitz_historische-gaststaette-ballsaal_uebernachtung005\"><img decoding=\"async\" width=\"1200\" height=\"750\" src=\"https:\/\/schuetzenhaus.stilechtanders.de\/wp-content\/uploads\/2026\/01\/schuetzenhaus-pulsnitz_historische-gaststaette-ballsaal_uebernachtung005.avif\" class=\"img-responsive wp-image-11900 img-with-aspect-ratio\" data-parent-fit=\"cover\" data-parent-container=\".fusion-image-element\" alt  fetchpriority=\"high\" srcset=\"https:\/\/schuetzenhaus.stilechtanders.de\/wp-content\/uploads\/2026\/01\/schuetzenhaus-pulsnitz_historische-gaststaette-ballsaal_uebernachtung005-200x125.jpg 200w, https:\/\/schuetzenhaus.stilechtanders.de\/wp-content\/uploads\/2026\/01\/schuetzenhaus-pulsnitz_historische-gaststaette-ballsaal_uebernachtung005-400x250.jpg 400w, https:\/\/schuetzenhaus.stilechtanders.de\/wp-content\/uploads\/2026\/01\/schuetzenhaus-pulsnitz_historische-gaststaette-ballsaal_uebernachtung005-600x375.jpg 600w, https:\/\/schuetzenhaus.stilechtanders.de\/wp-content\/uploads\/2026\/01\/schuetzenhaus-pulsnitz_historische-gaststaette-ballsaal_uebernachtung005-800x500.jpg 800w, https:\/\/schuetzenhaus.stilechtanders.de\/wp-content\/uploads\/2026\/01\/schuetzenhaus-pulsnitz_historische-gaststaette-ballsaal_uebernachtung005.avif 1200w\" sizes=\"(max-width: 640px) 100vw, 600px\" \/><\/a><\/span><\/div><\/div><\/div><\/div><\/div><div id=\"meilensteine-familie-busch\" class=\"fusion-container-anchor\"><div class=\"fusion-fullwidth fullwidth-box fusion-builder-row-7 fusion-flex-container has-pattern-background has-mask-background nonhundred-percent-fullwidth non-hundred-percent-height-scrolling\" style=\"--awb-border-radius-top-left:0px;--awb-border-radius-top-right:0px;--awb-border-radius-bottom-right:0px;--awb-border-radius-bottom-left:0px;--awb-padding-right:10px;--awb-padding-left:10px;--awb-flex-wrap:wrap;\" ><div class=\"fusion-builder-row fusion-row fusion-flex-align-items-flex-start fusion-flex-justify-content-center fusion-flex-content-wrap\" style=\"max-width:1272px;margin-left: calc(-6% \/ 2 );margin-right: calc(-6% \/ 2 );\"><div class=\"fusion-layout-column fusion_builder_column fusion-builder-column-18 fusion_builder_column_4_5 4_5 fusion-flex-column\" style=\"--awb-padding-top:15px;--awb-padding-right:15px;--awb-padding-bottom:15px;--awb-padding-left:15px;--awb-bg-image:linear-gradient(45deg, var(--awb-color8) 27%,var(--awb-color5) 82%);--awb-bg-size:cover;--awb-width-large:80%;--awb-margin-top-large:0px;--awb-spacing-right-large:3.525%;--awb-margin-bottom-large:0px;--awb-spacing-left-large:3.525%;--awb-width-medium:80%;--awb-order-medium:0;--awb-spacing-right-medium:3.525%;--awb-spacing-left-medium:3.525%;--awb-width-small:100%;--awb-order-small:0;--awb-spacing-right-small:2.82%;--awb-spacing-left-small:2.82%;\" data-scroll-devices=\"small-visibility,medium-visibility,large-visibility\"><div class=\"fusion-column-wrapper fusion-column-has-shadow fusion-flex-justify-content-flex-start fusion-content-layout-column\"><div class=\"fusion-builder-row fusion-builder-row-inner fusion-row fusion-flex-align-items-flex-start fusion-flex-justify-content-center fusion-flex-content-wrap\" style=\"--awb-flex-grow:0;--awb-flex-grow-medium:0;--awb-flex-grow-small:0;--awb-flex-shrink:0;--awb-flex-shrink-medium:0;--awb-flex-shrink-small:0;width:106% !important;max-width:106% !important;margin-left: calc(-6% \/ 2 );margin-right: calc(-6% \/ 2 );\"><div class=\"fusion-layout-column fusion_builder_column_inner fusion-builder-nested-column-2 fusion_builder_column_inner_1_1 1_1 fusion-flex-column\" style=\"--awb-padding-top:60px;--awb-padding-right:15%;--awb-padding-bottom:120px;--awb-padding-left:15%;--awb-padding-right-small:15px;--awb-padding-left-small:15px;--awb-bg-size:cover;--awb-border-color:var(--awb-color6);--awb-border-top:2px;--awb-border-right:2px;--awb-border-bottom:2px;--awb-border-left:2px;--awb-border-style:solid;--awb-width-large:100%;--awb-margin-top-large:0px;--awb-spacing-right-large:2.82%;--awb-margin-bottom-large:0px;--awb-spacing-left-large:2.82%;--awb-width-medium:100%;--awb-order-medium:0;--awb-spacing-right-medium:2.82%;--awb-spacing-left-medium:2.82%;--awb-width-small:100%;--awb-order-small:0;--awb-spacing-right-small:2.82%;--awb-spacing-left-small:2.82%;\" data-scroll-devices=\"small-visibility,medium-visibility,large-visibility\"><div class=\"fusion-column-wrapper fusion-column-has-shadow fusion-flex-justify-content-flex-start fusion-content-layout-column\"><div class=\"fusion-title title fusion-title-7 fusion-sep-none fusion-title-center fusion-title-text fusion-title-size-four\" style=\"--awb-margin-top-small:10px;--awb-margin-right-small:0px;--awb-margin-bottom-small:10px;--awb-margin-left-small:0px;--awb-font-size:var(--awb-custom_typography_6-font-size);\"><h4 class=\"fusion-title-heading title-heading-center awb-gradient-text fusion-responsive-typography-calculated\" style=\"font-family:var(--awb-custom_typography_6-font-family);font-weight:var(--awb-custom_typography_6-font-weight);font-style:var(--awb-custom_typography_6-font-style);margin:0;letter-spacing:var(--awb-custom_typography_6-letter-spacing);text-transform:var(--awb-custom_typography_6-text-transform);background-color:var(--awb-custom_color_2);background-image:linear-gradient(70deg, var(--awb-custom_color_2) 0%,var(--awb-color3) 100%);font-size:1em;--fontSize:60;line-height:var(--awb-custom_typography_6-line-height);\">Rodzina Busch<\/h4><\/div><div class=\"fusion-title title fusion-title-8 fusion-sep-none fusion-title-center fusion-title-highlight fusion-animate-once fusion-highlight-underline fusion-title-size-one\" style=\"--awb-text-color:var(--awb-custom_color_1);--awb-highlight-color:var(--awb-custom_color_1);--awb-highlight-top-margin:5px;--awb-margin-top:0px;--awb-margin-bottom:30px;--awb-margin-top-small:0px;--awb-margin-right-small:0px;--awb-margin-bottom-small:30px;--awb-margin-left-small:0px;--awb-font-size:var(--awb-custom_typography_7-font-size);\" data-highlight=\"underline\"><h1 class=\"fusion-title-heading title-heading-center fusion-responsive-typography-calculated\" style=\"font-family:var(--awb-custom_typography_7-font-family);font-weight:var(--awb-custom_typography_7-font-weight);font-style:var(--awb-custom_typography_7-font-style);margin:0;letter-spacing:var(--awb-custom_typography_7-letter-spacing);text-transform:var(--awb-custom_typography_7-text-transform);font-size:1em;--fontSize:30;line-height:var(--awb-custom_typography_7-line-height);\"><span class=\"fusion-highlighted-text-prefix\"><\/span> <span class=\"fusion-highlighted-text-wrapper\"><span class=\"fusion-highlighted-text\" style=\"color:var(--awb-custom_color_1);\">Pulsnitzanie<\/span><svg xmlns=\"http:\/\/www.w3.org\/2000\/svg\" viewBox=\"0 0 500 150\" preserveAspectRatio=\"none\"><path d=\"M8.1,146.2c0,0,240.6-55.6,479-13.8\"><\/path><\/svg><\/span> <span class=\"fusion-highlighted-text-postfix\"><\/span><\/h1><\/div><div class=\"accordian fusion-accordian\" style=\"margin-top:25px;margin-bottom:25px;--awb-margin-top:25px;--awb-margin-bottom:25px;--awb-padding-top:0px;--awb-padding-bottom:0px;--awb-border-size:0px;--awb-icon-size:20px;--awb-content-font-size:var(--awb-typography5-font-size);--awb-content-letter-spacing:var(--awb-typography5-letter-spacing);--awb-content-text-transform:var(--awb-typography5-text-transform);--awb-content-line-height:var(--awb-typography5-line-height);--awb-icon-alignment:right;--awb-hover-color:var(--awb-custom_color_1);--awb-border-color:var(--awb-color2);--awb-background-color:var(--awb-custom_color_1);--awb-divider-color:var(--awb-custom_color_3);--awb-divider-hover-color:var(--awb-custom_color_3);--awb-icon-color:var(--awb-color8);--awb-title-color:var(--awb-color8);--awb-content-color:var(--awb-color5);--awb-icon-box-color:var(--awb-color8);--awb-toggle-hover-accent-color:var(--awb-color5);--awb-title-font-family:var(--awb-typography4-font-family);--awb-title-font-weight:var(--awb-typography4-font-weight);--awb-title-font-style:var(--awb-typography4-font-style);--awb-title-font-size:var(--awb-typography4-font-size);--awb-title-letter-spacing:var(--awb-typography4-letter-spacing);--awb-title-line-height:var(--awb-typography4-line-height);--awb-title-text-transform:var(--awb-typography4-text-transform);--awb-content-font-family:var(--awb-typography5-font-family);--awb-content-font-weight:var(--awb-typography5-font-weight);--awb-content-font-style:var(--awb-typography5-font-style);\"><div class=\"panel-group fusion-toggle-icon-right fusion-toggle-icon-unboxed\" id=\"accordion-11886-1\"><div class=\"fusion-panel panel-default panel-556583fdfb5a1fabc fusion-toggle-no-divider fusion-toggle-boxed-mode\" style=\"--awb-title-color:var(--awb-color8);--awb-content-color:var(--awb-color8);\"><div class=\"panel-heading\"><h6 class=\"panel-title toggle\" id=\"toggle_556583fdfb5a1fabc\"><a aria-expanded=\"false\" aria-controls=\"556583fdfb5a1fabc\" role=\"button\" data-toggle=\"collapse\" data-parent=\"#accordion-11886-1\" data-target=\"#556583fdfb5a1fabc\" href=\"#556583fdfb5a1fabc\"><span class=\"fusion-toggle-icon-wrapper\" aria-hidden=\"true\"><i class=\"fa-fusion-box active-icon fa-chevron-up fas\" aria-hidden=\"true\"><\/i><i class=\"fa-fusion-box inactive-icon fa-chevron-down fas\" aria-hidden=\"true\"><\/i><\/span><span class=\"fusion-toggle-heading\">1997 - 2009<\/span><\/a><\/h6><\/div><div id=\"556583fdfb5a1fabc\" class=\"panel-collapse collapse \" aria-labelledby=\"toggle_556583fdfb5a1fabc\"><div class=\"panel-body toggle-content fusion-clearfix\">\n<ul>\n<li>Przej\u0119cie jako dzier\u017cawca i p\u00f3\u017aniejsza kontynuacja we w\u0142asnym posiadaniu<\/li>\n<li>R\u00f3\u017cne prace konserwacyjne.<\/li>\n<li>Wymiana starej instalacji grzewczej na nowoczesn\u0105 technologi\u0119 gazow\u0105 kondensacyjn\u0105.<\/li>\n<\/ul>\n<\/div><\/div><\/div><div class=\"fusion-panel panel-default panel-d32b433c0d71c47f1 fusion-toggle-no-divider fusion-toggle-boxed-mode\" style=\"--awb-title-color:var(--awb-color8);--awb-content-color:var(--awb-color8);\"><div class=\"panel-heading\"><h6 class=\"panel-title toggle\" id=\"toggle_d32b433c0d71c47f1\"><a aria-expanded=\"false\" aria-controls=\"d32b433c0d71c47f1\" role=\"button\" data-toggle=\"collapse\" data-parent=\"#accordion-11886-1\" data-target=\"#d32b433c0d71c47f1\" href=\"#d32b433c0d71c47f1\"><span class=\"fusion-toggle-icon-wrapper\" aria-hidden=\"true\"><i class=\"fa-fusion-box active-icon fa-chevron-up fas\" aria-hidden=\"true\"><\/i><i class=\"fa-fusion-box inactive-icon fa-chevron-down fas\" aria-hidden=\"true\"><\/i><\/span><span class=\"fusion-toggle-heading\">2012 - 2013<\/span><\/a><\/h6><\/div><div id=\"d32b433c0d71c47f1\" class=\"panel-collapse collapse \" aria-labelledby=\"toggle_d32b433c0d71c47f1\"><div class=\"panel-body toggle-content fusion-clearfix\">\n<ul>\n<li>Przej\u015bcie z analogowej instalacji telewizyjnej na technologi\u0119 cyfrow\u0105.<\/li>\n<li>Generalny remont izby go\u015bcinnej, usuni\u0119cie starej imitacji szachulca, restauracja niepowtarzalnego baru.<\/li>\n<li>Dawny tunelowy szynk staje si\u0119 kasynem z barem i automatami.<\/li>\n<li>Monta\u017c elektrociep\u0142owni blokowej, kt\u00f3ra sama wytwarza cz\u0119\u015b\u0107 pr\u0105du.<\/li>\n<\/ul>\n<\/div><\/div><\/div><div class=\"fusion-panel panel-default panel-2f2d7d1344a028059 fusion-toggle-no-divider fusion-toggle-boxed-mode\" style=\"--awb-title-color:var(--awb-color8);--awb-content-color:var(--awb-color8);\"><div class=\"panel-heading\"><h6 class=\"panel-title toggle\" id=\"toggle_2f2d7d1344a028059\"><a aria-expanded=\"false\" aria-controls=\"2f2d7d1344a028059\" role=\"button\" data-toggle=\"collapse\" data-parent=\"#accordion-11886-1\" data-target=\"#2f2d7d1344a028059\" href=\"#2f2d7d1344a028059\"><span class=\"fusion-toggle-icon-wrapper\" aria-hidden=\"true\"><i class=\"fa-fusion-box active-icon fa-chevron-up fas\" aria-hidden=\"true\"><\/i><i class=\"fa-fusion-box inactive-icon fa-chevron-down fas\" aria-hidden=\"true\"><\/i><\/span><span class=\"fusion-toggle-heading\">2015 - 2017<\/span><\/a><\/h6><\/div><div id=\"2f2d7d1344a028059\" class=\"panel-collapse collapse \" aria-labelledby=\"toggle_2f2d7d1344a028059\"><div class=\"panel-body toggle-content fusion-clearfix\">\n<ul>\n<li>Z powodu niewystarczaj\u0105cego ugruntowania fundament\u00f3w grozi\u0142o zawalenie si\u0119 budynku scenicznego. Firma specjalistyczna przeprowadzi\u0142a podniesienie budynku scenicznego przy jednoczesnym wzmocnieniu fundament\u00f3w. <\/li>\n<li>Ca\u0142kowita wymiana instalacji nalewakowych w sali go\u015bcinnej i na sali balowej wraz z jednostkami ch\u0142odz\u0105cymi beczki.<\/li>\n<li>Przej\u015bcie o\u015bwietlenia sali i sceny na technologi\u0119 LED wraz ze sterowaniem radiowym.<\/li>\n<\/ul>\n<\/div><\/div><\/div><div class=\"fusion-panel panel-default panel-65ad98b62dc917cbe fusion-toggle-no-divider fusion-toggle-boxed-mode\" style=\"--awb-title-color:var(--awb-color8);--awb-content-color:var(--awb-color8);\"><div class=\"panel-heading\"><h6 class=\"panel-title toggle\" id=\"toggle_65ad98b62dc917cbe\"><a aria-expanded=\"false\" aria-controls=\"65ad98b62dc917cbe\" role=\"button\" data-toggle=\"collapse\" data-parent=\"#accordion-11886-1\" data-target=\"#65ad98b62dc917cbe\" href=\"#65ad98b62dc917cbe\"><span class=\"fusion-toggle-icon-wrapper\" aria-hidden=\"true\"><i class=\"fa-fusion-box active-icon fa-chevron-up fas\" aria-hidden=\"true\"><\/i><i class=\"fa-fusion-box inactive-icon fa-chevron-down fas\" aria-hidden=\"true\"><\/i><\/span><span class=\"fusion-toggle-heading\">2018 - 2019<\/span><\/a><\/h6><\/div><div id=\"65ad98b62dc917cbe\" class=\"panel-collapse collapse \" aria-labelledby=\"toggle_65ad98b62dc917cbe\"><div class=\"panel-body toggle-content fusion-clearfix\">\n<ul>\n<li>Nowa dobud\u00f3wka jako ch\u0142odnia i mro\u017ania oraz dla pomieszcze\u0144 personelu.<\/li>\n<li>Gruntowna renowacja i rozbudowa g\u0142\u00f3wnej kuchni, kuchni sali i kuchni zmywakowej przy bie\u017c\u0105cej dzia\u0142alno\u015bci.<\/li>\n<li>Monta\u017c drugiej ch\u0142odnicy beczkowej \u2013 od tego czasu sze\u015b\u0107 r\u00f3\u017cnych piw jest na kranach.<\/li>\n<li>Instalacja nowej g\u0142\u00f3wnej rozdzielnicy pr\u0105du.<\/li>\n<\/ul>\n<\/div><\/div><\/div><div class=\"fusion-panel panel-default panel-0e566b50ac5ee8ee1 fusion-toggle-no-divider fusion-toggle-boxed-mode\" style=\"--awb-title-color:var(--awb-color8);--awb-content-color:var(--awb-color8);\"><div class=\"panel-heading\"><h6 class=\"panel-title toggle\" id=\"toggle_0e566b50ac5ee8ee1\"><a aria-expanded=\"false\" aria-controls=\"0e566b50ac5ee8ee1\" role=\"button\" data-toggle=\"collapse\" data-parent=\"#accordion-11886-1\" data-target=\"#0e566b50ac5ee8ee1\" href=\"#0e566b50ac5ee8ee1\"><span class=\"fusion-toggle-icon-wrapper\" aria-hidden=\"true\"><i class=\"fa-fusion-box active-icon fa-chevron-up fas\" aria-hidden=\"true\"><\/i><i class=\"fa-fusion-box inactive-icon fa-chevron-down fas\" aria-hidden=\"true\"><\/i><\/span><span class=\"fusion-toggle-heading\">2020<\/span><\/a><\/h6><\/div><div id=\"0e566b50ac5ee8ee1\" class=\"panel-collapse collapse \" aria-labelledby=\"toggle_0e566b50ac5ee8ee1\"><div class=\"panel-body toggle-content fusion-clearfix\">\n<ul>\n<li>Reinwestycja naszej elektrociep\u0142owni blokowej zamontowanej w 2013 roku z powodu szkody ca\u0142kowitej.<\/li>\n<li>Marzec: Z powodu koronawirusa dzia\u0142alno\u015b\u0107 restauracyjna zostaje zakazana, a od maja wznowiona z zachowaniem zasad higieny.<\/li>\n<li>Sierpie\u0144: Odnowienie strefy wej\u015bciowej do ogrodu lipowego.<\/li>\n<li>Pa\u017adziernik: Wzniesienie klatki schodowej od strony podw\u00f3rza jako dodatkowej drogi ewakuacyjnej dla drugiego pi\u0119tra pensjonatu. Nowe zagospodarowanie stref wej\u015bciowych i klatki schodowej do pensjonatu. <\/li>\n<li>Listopad do grudnia: Zamkni\u0119cie z powodu koronawirusa, oferowana jest us\u0142uga odbioru osobistego.<\/li>\n<\/ul>\n<\/div><\/div><\/div><div class=\"fusion-panel panel-default panel-55f2a4e1ac6d5b048 fusion-toggle-no-divider fusion-toggle-boxed-mode\" style=\"--awb-title-color:var(--awb-color8);--awb-content-color:var(--awb-color8);\"><div class=\"panel-heading\"><h6 class=\"panel-title toggle\" id=\"toggle_55f2a4e1ac6d5b048\"><a aria-expanded=\"false\" aria-controls=\"55f2a4e1ac6d5b048\" role=\"button\" data-toggle=\"collapse\" data-parent=\"#accordion-11886-1\" data-target=\"#55f2a4e1ac6d5b048\" href=\"#55f2a4e1ac6d5b048\"><span class=\"fusion-toggle-icon-wrapper\" aria-hidden=\"true\"><i class=\"fa-fusion-box active-icon fa-chevron-up fas\" aria-hidden=\"true\"><\/i><i class=\"fa-fusion-box inactive-icon fa-chevron-down fas\" aria-hidden=\"true\"><\/i><\/span><span class=\"fusion-toggle-heading\">2021 - 2022<\/span><\/a><\/h6><\/div><div id=\"55f2a4e1ac6d5b048\" class=\"panel-collapse collapse \" aria-labelledby=\"toggle_55f2a4e1ac6d5b048\"><div class=\"panel-body toggle-content fusion-clearfix\">\n<ul>\n<li>Dawna \u201eizba regionalna\u201d, szatnia przy sali oraz pok\u00f3j wypoczynkowy zostaj\u0105 gruntownie wyremontowane i przekszta\u0142cone w nowoczesn\u0105 sal\u0119 go\u015bcinn\u0105.<\/li>\n<li>Instalacja systemu fotowoltaicznego na dachu sali do produkcji od 10% do 30% dziennego zapotrzebowania na pr\u0105d.<\/li>\n<\/ul>\n<\/div><\/div><\/div><\/div><\/div><div class=\"fusion-title title fusion-title-9 fusion-sep-none fusion-title-center fusion-title-text fusion-title-size-one\" style=\"--awb-text-color:var(--awb-color2);--awb-margin-top-small:10px;--awb-margin-right-small:0px;--awb-margin-bottom-small:10px;--awb-margin-left-small:0px;--awb-font-size:var(--awb-custom_typography_1-font-size);\"><h1 class=\"fusion-title-heading title-heading-center awb-gradient-text fusion-responsive-typography-calculated\" style=\"font-family:var(--awb-custom_typography_1-font-family);font-weight:var(--awb-custom_typography_1-font-weight);font-style:var(--awb-custom_typography_1-font-style);margin:0;letter-spacing:var(--awb-custom_typography_1-letter-spacing);text-transform:var(--awb-custom_typography_1-text-transform);background-color:var(--awb-custom_color_2);background-image:linear-gradient(70deg, var(--awb-custom_color_2) 0%,var(--awb-color3) 100%);font-size:1em;--fontSize:24;--minFontSize:24;line-height:var(--awb-custom_typography_1-line-height);\">Ponad 25 lat dzia\u0142alno\u015bci gastronomicznej, imprezowej i kulturalnej oraz zakwaterowania w mie\u015bcie piernik\u00f3w Pulsnitz!<\/h1><\/div><\/div><\/div><\/div><\/div><\/div><\/div><\/div><\/div><div class=\"fusion-fullwidth fullwidth-box fusion-builder-row-8 fusion-flex-container has-pattern-background has-mask-background nonhundred-percent-fullwidth non-hundred-percent-height-scrolling\" style=\"--awb-border-radius-top-left:0px;--awb-border-radius-top-right:0px;--awb-border-radius-bottom-right:0px;--awb-border-radius-bottom-left:0px;--awb-padding-right:0px;--awb-padding-left:0px;--awb-flex-wrap:wrap;\" ><div class=\"fusion-builder-row fusion-row fusion-flex-align-items-flex-start fusion-flex-justify-content-center fusion-flex-content-wrap\" style=\"max-width:1272px;margin-left: calc(-6% \/ 2 );margin-right: calc(-6% \/ 2 );\"><div class=\"fusion-layout-column fusion_builder_column fusion-builder-column-19 fusion_builder_column_1_1 1_1 fusion-flex-column\" style=\"--awb-bg-size:cover;--awb-width-large:100%;--awb-margin-top-large:0px;--awb-spacing-right-large:2.82%;--awb-margin-bottom-large:20px;--awb-spacing-left-large:2.82%;--awb-width-medium:100%;--awb-order-medium:0;--awb-spacing-right-medium:2.82%;--awb-spacing-left-medium:2.82%;--awb-width-small:100%;--awb-order-small:0;--awb-spacing-right-small:2.82%;--awb-spacing-left-small:2.82%;\"><div class=\"fusion-column-wrapper fusion-column-has-shadow fusion-flex-justify-content-flex-start fusion-content-layout-column\"><div class=\"fusion-image-element\" style=\"text-align:center;--awb-margin-top:-120px;--awb-margin-right:10px;--awb-margin-bottom:50px;--awb-margin-left:50px;--awb-max-width:400px;--awb-caption-title-font-family:var(--h2_typography-font-family);--awb-caption-title-font-weight:var(--h2_typography-font-weight);--awb-caption-title-font-style:var(--h2_typography-font-style);--awb-caption-title-size:var(--h2_typography-font-size);--awb-caption-title-transform:var(--h2_typography-text-transform);--awb-caption-title-line-height:var(--h2_typography-line-height);--awb-caption-title-letter-spacing:var(--h2_typography-letter-spacing);\"><span class=\" fusion-imageframe imageframe-none imageframe-13 hover-type-none\"><img decoding=\"async\" width=\"801\" height=\"672\" alt=\"Stara ilustracja pary przy posi\u0142ku w restauracji\" title=\"schuetzenhaus-pulsnitz_illustration070\" src=\"https:\/\/schuetzenhaus.stilechtanders.de\/wp-content\/uploads\/2026\/01\/schuetzenhaus-pulsnitz_illustration070.webp\" class=\"img-responsive wp-image-11901\" srcset=\"https:\/\/schuetzenhaus.stilechtanders.de\/wp-content\/uploads\/2026\/01\/schuetzenhaus-pulsnitz_illustration070-200x168.webp 200w, https:\/\/schuetzenhaus.stilechtanders.de\/wp-content\/uploads\/2026\/01\/schuetzenhaus-pulsnitz_illustration070-400x336.webp 400w, https:\/\/schuetzenhaus.stilechtanders.de\/wp-content\/uploads\/2026\/01\/schuetzenhaus-pulsnitz_illustration070-600x503.webp 600w, https:\/\/schuetzenhaus.stilechtanders.de\/wp-content\/uploads\/2026\/01\/schuetzenhaus-pulsnitz_illustration070.webp 801w\" sizes=\"(max-width: 640px) 100vw, 801px\" \/><\/span><\/div><\/div><\/div><\/div><\/div><\/p>\n","protected":false},"excerpt":{"rendered":"","protected":false},"author":2,"featured_media":11893,"parent":12291,"menu_order":0,"comment_status":"closed","ping_status":"closed","template":"100-width.php","meta":{"footnotes":""},"class_list":["post-11886","page","type-page","status-publish","has-post-thumbnail","hentry"],"jetpack_sharing_enabled":true,"_links":{"self":[{"href":"https:\/\/schuetzenhaus.stilechtanders.de\/pl\/wp-json\/wp\/v2\/pages\/11886","targetHints":{"allow":["GET"]}}],"collection":[{"href":"https:\/\/schuetzenhaus.stilechtanders.de\/pl\/wp-json\/wp\/v2\/pages"}],"about":[{"href":"https:\/\/schuetzenhaus.stilechtanders.de\/pl\/wp-json\/wp\/v2\/types\/page"}],"author":[{"embeddable":true,"href":"https:\/\/schuetzenhaus.stilechtanders.de\/pl\/wp-json\/wp\/v2\/users\/2"}],"replies":[{"embeddable":true,"href":"https:\/\/schuetzenhaus.stilechtanders.de\/pl\/wp-json\/wp\/v2\/comments?post=11886"}],"version-history":[{"count":3,"href":"https:\/\/schuetzenhaus.stilechtanders.de\/pl\/wp-json\/wp\/v2\/pages\/11886\/revisions"}],"predecessor-version":[{"id":11904,"href":"https:\/\/schuetzenhaus.stilechtanders.de\/pl\/wp-json\/wp\/v2\/pages\/11886\/revisions\/11904"}],"up":[{"embeddable":true,"href":"https:\/\/schuetzenhaus.stilechtanders.de\/pl\/wp-json\/wp\/v2\/pages\/12291"}],"wp:featuredmedia":[{"embeddable":true,"href":"https:\/\/schuetzenhaus.stilechtanders.de\/pl\/wp-json\/wp\/v2\/media\/11893"}],"wp:attachment":[{"href":"https:\/\/schuetzenhaus.stilechtanders.de\/pl\/wp-json\/wp\/v2\/media?parent=11886"}],"curies":[{"name":"wp","href":"https:\/\/api.w.org\/{rel}","templated":true}]}}